{"id":780,"date":"2022-10-13T10:11:35","date_gmt":"2022-10-13T10:11:35","guid":{"rendered":"https:\/\/sabor.wpengine.com\/?page_id=780"},"modified":"2022-12-13T21:01:55","modified_gmt":"2022-12-13T21:01:55","slug":"baerekraft-og-ansvar","status":"publish","type":"page","link":"https:\/\/wearesabor.com\/sv\/baerekraft-og-ansvar\/","title":{"rendered":"H\u00e5llbarhet och ansvar"},"content":{"rendered":"<h3>Det handler om at b\u00e5de vi og v\u00e5re samarbeidspartnere viser respekt for mennesket og planeten v\u00e5r.<\/h3>\n<p>Alle produkter skal v\u00e6re produsert p\u00e5 en ansvarlig m\u00e5te med hensyn til mennesker, samfunn og milj\u00f8. Det betyr verdikjeder som ivaretar menneske- og arbeidstakerrettigheter, samt milj\u00f8. Rammeverket v\u00e5rt er basert p\u00e5 FNs veiledende prinsipper for n\u00e6ringsliv og mennskerettigheter (UNGP) og OECDs retningslinjer for flernasjonale selskaper. Homeco er en engasjert og ansvarlig bedrift som jobber etter klare spilleregler og veiledninger for god forretningspraksis \u2013 v\u00e5r egen Code of Conduct er den b\u00e6rekraftige ledestjernen<\/p>","protected":false},"excerpt":{"rendered":"<p>Det handler om at b\u00e5de vi og v\u00e5re samarbeidspartnere viser respekt for mennesket og planeten v\u00e5r. Alle produkter skal v\u00e6re produsert p\u00e5 en ansvarlig m\u00e5te med hensyn til mennesker, samfunn og milj\u00f8. Det betyr verdikjeder som ivaretar menneske- og arbeidstakerrettigheter, samt milj\u00f8. Rammeverket v\u00e5rt er basert p\u00e5 FNs veiledende prinsipper for n\u00e6ringsliv og mennskerettigheter (UNGP) [&hellip;]<\/p>\n","protected":false},"author":1,"featured_media":466,"parent":0,"menu_order":0,"comment_status":"closed","ping_status":"closed","template":"","meta":{"_acf_changed":false,"footnotes":""},"class_list":["post-780","page","type-page","status-publish","hentry"],"acf":[],"yoast_head":"<!-- This site is optimized with the Yoast SEO plugin v27.3 - https:\/\/yoast.com\/product\/yoast-seo-wordpress\/ -->\n<title>B\u00e6rekraft og ansvar - Sabor<\/title>\n<meta name=\"description\" content=\"Vi skal ivareta en utvikling som im\u00f8tekommer dagens behov uten \u00e5 \u00f8delegge mulighetene for at kommende generasjoner skal f\u00e5 dekket sine behov.\" \/>\n<meta name=\"robots\" content=\"index, follow, max-snippet:-1, max-image-preview:large, max-video-preview:-1\" \/>\n<link rel=\"canonical\" href=\"https:\/\/wearesabor.com\/sv\/baerekraft-og-ansvar\/\" \/>\n<meta property=\"og:locale\" content=\"sv_SE\" \/>\n<meta property=\"og:type\" content=\"article\" \/>\n<meta property=\"og:title\" content=\"B\u00e6rekraft og ansvar - Sabor\" \/>\n<meta property=\"og:description\" content=\"Vi skal ivareta en utvikling som im\u00f8tekommer dagens behov uten \u00e5 \u00f8delegge mulighetene for at kommende generasjoner skal f\u00e5 dekket sine behov.\" \/>\n<meta property=\"og:url\" content=\"https:\/\/wearesabor.com\/sv\/baerekraft-og-ansvar\/\" \/>\n<meta property=\"og:site_name\" content=\"Sabor\" \/>\n<meta property=\"article:modified_time\" content=\"2022-12-13T21:01:55+00:00\" \/>\n<meta property=\"og:image\" content=\"https:\/\/d31pd0bjwrcd8b.cloudfront.net\/wp-content\/uploads\/2022\/09\/05153148\/60200120_4.jpg\" \/>\n\t<meta property=\"og:image:width\" content=\"2000\" \/>\n\t<meta property=\"og:image:height\" content=\"1339\" \/>\n\t<meta property=\"og:image:type\" content=\"image\/jpeg\" \/>\n<meta name=\"twitter:card\" content=\"summary_large_image\" \/>\n<meta name=\"twitter:label1\" content=\"Ber\u00e4knad l\u00e4stid\" \/>\n\t<meta name=\"twitter:data1\" content=\"1 minut\" \/>\n<script type=\"application\/ld+json\" class=\"yoast-schema-graph\">{\"@context\":\"https:\\\/\\\/schema.org\",\"@graph\":[{\"@type\":\"WebPage\",\"@id\":\"https:\\\/\\\/wearesabor.com\\\/sv\\\/baerekraft-og-ansvar\\\/\",\"url\":\"https:\\\/\\\/wearesabor.com\\\/sv\\\/baerekraft-og-ansvar\\\/\",\"name\":\"B\u00e6rekraft og ansvar - Sabor\",\"isPartOf\":{\"@id\":\"https:\\\/\\\/wearesabor.com\\\/sv\\\/#website\"},\"primaryImageOfPage\":{\"@id\":\"https:\\\/\\\/wearesabor.com\\\/sv\\\/baerekraft-og-ansvar\\\/#primaryimage\"},\"image\":{\"@id\":\"https:\\\/\\\/wearesabor.com\\\/sv\\\/baerekraft-og-ansvar\\\/#primaryimage\"},\"thumbnailUrl\":\"https:\\\/\\\/d31pd0bjwrcd8b.cloudfront.net\\\/wp-content\\\/uploads\\\/2022\\\/09\\\/05153148\\\/60200120_4.jpg\",\"datePublished\":\"2022-10-13T10:11:35+00:00\",\"dateModified\":\"2022-12-13T21:01:55+00:00\",\"description\":\"Vi skal ivareta en utvikling som im\u00f8tekommer dagens behov uten \u00e5 \u00f8delegge mulighetene for at kommende generasjoner skal f\u00e5 dekket sine behov.\",\"breadcrumb\":{\"@id\":\"https:\\\/\\\/wearesabor.com\\\/sv\\\/baerekraft-og-ansvar\\\/#breadcrumb\"},\"inLanguage\":\"sv-SE\",\"potentialAction\":[{\"@type\":\"ReadAction\",\"target\":[\"https:\\\/\\\/wearesabor.com\\\/sv\\\/baerekraft-og-ansvar\\\/\"]}]},{\"@type\":\"ImageObject\",\"inLanguage\":\"sv-SE\",\"@id\":\"https:\\\/\\\/wearesabor.com\\\/sv\\\/baerekraft-og-ansvar\\\/#primaryimage\",\"url\":\"https:\\\/\\\/d31pd0bjwrcd8b.cloudfront.net\\\/wp-content\\\/uploads\\\/2022\\\/09\\\/05153148\\\/60200120_4.jpg\",\"contentUrl\":\"https:\\\/\\\/d31pd0bjwrcd8b.cloudfront.net\\\/wp-content\\\/uploads\\\/2022\\\/09\\\/05153148\\\/60200120_4.jpg\",\"width\":2000,\"height\":1339},{\"@type\":\"BreadcrumbList\",\"@id\":\"https:\\\/\\\/wearesabor.com\\\/sv\\\/baerekraft-og-ansvar\\\/#breadcrumb\",\"itemListElement\":[{\"@type\":\"ListItem\",\"position\":1,\"name\":\"Home\",\"item\":\"http:\\\/\\\/wearesabor.com\\\/\"},{\"@type\":\"ListItem\",\"position\":2,\"name\":\"B\u00e6rekraft og ansvar\"}]},{\"@type\":\"WebSite\",\"@id\":\"https:\\\/\\\/wearesabor.com\\\/sv\\\/#website\",\"url\":\"https:\\\/\\\/wearesabor.com\\\/sv\\\/\",\"name\":\"Sabor\",\"description\":\"\",\"publisher\":{\"@id\":\"https:\\\/\\\/wearesabor.com\\\/sv\\\/#organization\"},\"potentialAction\":[{\"@type\":\"SearchAction\",\"target\":{\"@type\":\"EntryPoint\",\"urlTemplate\":\"https:\\\/\\\/wearesabor.com\\\/sv\\\/?s={search_term_string}\"},\"query-input\":{\"@type\":\"PropertyValueSpecification\",\"valueRequired\":true,\"valueName\":\"search_term_string\"}}],\"inLanguage\":\"sv-SE\"},{\"@type\":\"Organization\",\"@id\":\"https:\\\/\\\/wearesabor.com\\\/sv\\\/#organization\",\"name\":\"Sabor\",\"url\":\"https:\\\/\\\/wearesabor.com\\\/sv\\\/\",\"logo\":{\"@type\":\"ImageObject\",\"inLanguage\":\"sv-SE\",\"@id\":\"https:\\\/\\\/wearesabor.com\\\/sv\\\/#\\\/schema\\\/logo\\\/image\\\/\",\"url\":\"https:\\\/\\\/sabor.wpengine.com\\\/wp-content\\\/uploads\\\/2022\\\/12\\\/Sabor-Logo-\u2013-dark.png\",\"contentUrl\":\"https:\\\/\\\/sabor.wpengine.com\\\/wp-content\\\/uploads\\\/2022\\\/12\\\/Sabor-Logo-\u2013-dark.png\",\"width\":200,\"height\":56,\"caption\":\"Sabor\"},\"image\":{\"@id\":\"https:\\\/\\\/wearesabor.com\\\/sv\\\/#\\\/schema\\\/logo\\\/image\\\/\"}}]}<\/script>\n<!-- \/ Yoast SEO plugin. -->","yoast_head_json":{"title":"B\u00e6rekraft og ansvar - Sabor","description":"Vi skal ivareta en utvikling som im\u00f8tekommer dagens behov uten \u00e5 \u00f8delegge mulighetene for at kommende generasjoner skal f\u00e5 dekket sine behov.","robots":{"index":"index","follow":"follow","max-snippet":"max-snippet:-1","max-image-preview":"max-image-preview:large","max-video-preview":"max-video-preview:-1"},"canonical":"https:\/\/wearesabor.com\/sv\/baerekraft-og-ansvar\/","og_locale":"sv_SE","og_type":"article","og_title":"B\u00e6rekraft og ansvar - Sabor","og_description":"Vi skal ivareta en utvikling som im\u00f8tekommer dagens behov uten \u00e5 \u00f8delegge mulighetene for at kommende generasjoner skal f\u00e5 dekket sine behov.","og_url":"https:\/\/wearesabor.com\/sv\/baerekraft-og-ansvar\/","og_site_name":"Sabor","article_modified_time":"2022-12-13T21:01:55+00:00","og_image":[{"width":2000,"height":1339,"url":"https:\/\/d31pd0bjwrcd8b.cloudfront.net\/wp-content\/uploads\/2022\/09\/05153148\/60200120_4.jpg","type":"image\/jpeg"}],"twitter_card":"summary_large_image","twitter_misc":{"Ber\u00e4knad l\u00e4stid":"1 minut"},"schema":{"@context":"https:\/\/schema.org","@graph":[{"@type":"WebPage","@id":"https:\/\/wearesabor.com\/sv\/baerekraft-og-ansvar\/","url":"https:\/\/wearesabor.com\/sv\/baerekraft-og-ansvar\/","name":"B\u00e6rekraft og ansvar - Sabor","isPartOf":{"@id":"https:\/\/wearesabor.com\/sv\/#website"},"primaryImageOfPage":{"@id":"https:\/\/wearesabor.com\/sv\/baerekraft-og-ansvar\/#primaryimage"},"image":{"@id":"https:\/\/wearesabor.com\/sv\/baerekraft-og-ansvar\/#primaryimage"},"thumbnailUrl":"https:\/\/d31pd0bjwrcd8b.cloudfront.net\/wp-content\/uploads\/2022\/09\/05153148\/60200120_4.jpg","datePublished":"2022-10-13T10:11:35+00:00","dateModified":"2022-12-13T21:01:55+00:00","description":"Vi skal ivareta en utvikling som im\u00f8tekommer dagens behov uten \u00e5 \u00f8delegge mulighetene for at kommende generasjoner skal f\u00e5 dekket sine behov.","breadcrumb":{"@id":"https:\/\/wearesabor.com\/sv\/baerekraft-og-ansvar\/#breadcrumb"},"inLanguage":"sv-SE","potentialAction":[{"@type":"ReadAction","target":["https:\/\/wearesabor.com\/sv\/baerekraft-og-ansvar\/"]}]},{"@type":"ImageObject","inLanguage":"sv-SE","@id":"https:\/\/wearesabor.com\/sv\/baerekraft-og-ansvar\/#primaryimage","url":"https:\/\/d31pd0bjwrcd8b.cloudfront.net\/wp-content\/uploads\/2022\/09\/05153148\/60200120_4.jpg","contentUrl":"https:\/\/d31pd0bjwrcd8b.cloudfront.net\/wp-content\/uploads\/2022\/09\/05153148\/60200120_4.jpg","width":2000,"height":1339},{"@type":"BreadcrumbList","@id":"https:\/\/wearesabor.com\/sv\/baerekraft-og-ansvar\/#breadcrumb","itemListElement":[{"@type":"ListItem","position":1,"name":"Home","item":"http:\/\/wearesabor.com\/"},{"@type":"ListItem","position":2,"name":"B\u00e6rekraft og ansvar"}]},{"@type":"WebSite","@id":"https:\/\/wearesabor.com\/sv\/#website","url":"https:\/\/wearesabor.com\/sv\/","name":"Sabor","description":"","publisher":{"@id":"https:\/\/wearesabor.com\/sv\/#organization"},"potentialAction":[{"@type":"SearchAction","target":{"@type":"EntryPoint","urlTemplate":"https:\/\/wearesabor.com\/sv\/?s={search_term_string}"},"query-input":{"@type":"PropertyValueSpecification","valueRequired":true,"valueName":"search_term_string"}}],"inLanguage":"sv-SE"},{"@type":"Organization","@id":"https:\/\/wearesabor.com\/sv\/#organization","name":"Sabor","url":"https:\/\/wearesabor.com\/sv\/","logo":{"@type":"ImageObject","inLanguage":"sv-SE","@id":"https:\/\/wearesabor.com\/sv\/#\/schema\/logo\/image\/","url":"https:\/\/sabor.wpengine.com\/wp-content\/uploads\/2022\/12\/Sabor-Logo-\u2013-dark.png","contentUrl":"https:\/\/sabor.wpengine.com\/wp-content\/uploads\/2022\/12\/Sabor-Logo-\u2013-dark.png","width":200,"height":56,"caption":"Sabor"},"image":{"@id":"https:\/\/wearesabor.com\/sv\/#\/schema\/logo\/image\/"}}]}},"lang":"nb","translations":{"nb":780},"_links":{"self":[{"href":"https:\/\/wearesabor.com\/sv\/wp-json\/wp\/v2\/pages\/780","targetHints":{"allow":["GET"]}}],"collection":[{"href":"https:\/\/wearesabor.com\/sv\/wp-json\/wp\/v2\/pages"}],"about":[{"href":"https:\/\/wearesabor.com\/sv\/wp-json\/wp\/v2\/types\/page"}],"author":[{"embeddable":true,"href":"https:\/\/wearesabor.com\/sv\/wp-json\/wp\/v2\/users\/1"}],"replies":[{"embeddable":true,"href":"https:\/\/wearesabor.com\/sv\/wp-json\/wp\/v2\/comments?post=780"}],"version-history":[{"count":0,"href":"https:\/\/wearesabor.com\/sv\/wp-json\/wp\/v2\/pages\/780\/revisions"}],"wp:featuredmedia":[{"embeddable":true,"href":"https:\/\/wearesabor.com\/sv\/wp-json\/wp\/v2\/media\/466"}],"wp:attachment":[{"href":"https:\/\/wearesabor.com\/sv\/wp-json\/wp\/v2\/media?parent=780"}],"curies":[{"name":"wp","href":"https:\/\/api.w.org\/{rel}","templated":true}]}}