{"id":1366,"date":"2023-03-14T11:27:16","date_gmt":"2023-03-14T11:27:16","guid":{"rendered":"https:\/\/wearesabor.com\/baerekraft-og-ansvar-2\/"},"modified":"2023-03-14T11:40:37","modified_gmt":"2023-03-14T11:40:37","slug":"moiserien","status":"publish","type":"page","link":"https:\/\/wearesabor.com\/sv\/moiserien\/","title":{"rendered":"Min serie"},"content":{"rendered":"<p>Gj\u00f8r som Trond Moi og kokkeler med de lekreste retter i st\u00f8pejernspanner \u2013 styrket med naturlig olje fra soyab\u00f8nner.<\/p>\n<p>\u00abEn liten jernpanne er mye mer praktisk i mange sammenhenger der man bare lager 1-2 porsjoner, den blir kjappere varm, bruker mindre energi og er lettere \u00e5 h\u00e5ndtere.\u00bb<\/p>\n<p>\u00abInne p\u00e5 Farmen brukte jeg jernpanne p\u00e5 det meste! Den funker knallgodt til all type matlaging.\u00bb<\/p>\n<p>&nbsp;<\/p>\n<p>Den nye serien er produsert i 100% st\u00f8pejern &#8211; et robust materiale med gode egenskaper. Jern leder varme raskt og fordeles jevnt, som gir fin steke overflate. H\u00f8ytemperaturst\u00f8ping, dekomponering og avkarbonisering, forbedrer jernrenheten.<\/p>\n<p>&nbsp;<\/p>\n<p>Passer alle koketopper samt grill. Bruk gryteklut da h\u00e5ndtakene blir sv\u00e6rt varme. Ved bruk av st\u00f8pejerns panne er det viktig \u00e5 bruke tilstrekkelig med sm\u00f8r eller olje for \u00e5 unng\u00e5 fast brent mat. Ved slik riktig bruk vil du kunne ha glede av st\u00f8pejerns pannen i generasjoner fremover. Rengj\u00f8r alltid st\u00f8pejerns pannen for h\u00e5nd i varmt vann. Det er viktig at st\u00f8pejerns pannen er helt avkj\u00f8lt f\u00f8r rengj\u00f8ring. Unng\u00e5 \u00e5 bruke s\u00e5pe da dette vil trekke ut fettlaget som har sin fordel i \u00e5 forbedre og forlenge produktets levetid. T\u00f8rk av pannen godt for \u00e5 unng\u00e5 rust. Ved behov anbefaler vi \u00e5 gni litt olje etter rengj\u00f8ring iblant for \u00e5 ivareta overflaten.<\/p>","protected":false},"excerpt":{"rendered":"<p>Gj\u00f8r som Trond Moi og kokkeler med de lekreste retter i st\u00f8pejernspanner \u2013 styrket med naturlig olje fra soyab\u00f8nner. \u00abEn liten jernpanne er mye mer praktisk i mange sammenhenger der man bare lager 1-2 porsjoner, den blir kjappere varm, bruker mindre energi og er lettere \u00e5 h\u00e5ndtere.\u00bb \u00abInne p\u00e5 Farmen brukte jeg jernpanne p\u00e5 det [&hellip;]<\/p>\n","protected":false},"author":5,"featured_media":1369,"parent":0,"menu_order":0,"comment_status":"closed","ping_status":"closed","template":"","meta":{"_acf_changed":false,"footnotes":""},"class_list":["post-1366","page","type-page","status-publish","hentry"],"acf":[],"yoast_head":"<!-- This site is optimized with the Yoast SEO plugin v27.3 - https:\/\/yoast.com\/product\/yoast-seo-wordpress\/ -->\n<title>Moi serien - Sabor<\/title>\n<meta name=\"description\" content=\"Vi skal ivareta en utvikling som im\u00f8tekommer dagens behov uten \u00e5 \u00f8delegge mulighetene for at kommende generasjoner skal f\u00e5 dekket sine behov.\" \/>\n<meta name=\"robots\" content=\"index, follow, max-snippet:-1, max-image-preview:large, max-video-preview:-1\" \/>\n<link rel=\"canonical\" href=\"https:\/\/wearesabor.com\/sv\/moiserien\/\" \/>\n<meta property=\"og:locale\" content=\"sv_SE\" \/>\n<meta property=\"og:type\" content=\"article\" \/>\n<meta property=\"og:title\" content=\"Moi serien - Sabor\" \/>\n<meta property=\"og:description\" content=\"Vi skal ivareta en utvikling som im\u00f8tekommer dagens behov uten \u00e5 \u00f8delegge mulighetene for at kommende generasjoner skal f\u00e5 dekket sine behov.\" \/>\n<meta property=\"og:url\" content=\"https:\/\/wearesabor.com\/sv\/moiserien\/\" \/>\n<meta property=\"og:site_name\" content=\"Sabor\" \/>\n<meta property=\"article:modified_time\" content=\"2023-03-14T11:40:37+00:00\" \/>\n<meta property=\"og:image\" content=\"https:\/\/d31pd0bjwrcd8b.cloudfront.net\/wp-content\/uploads\/2023\/03\/05143114\/JanRuneEide_Trond_Moi2022-1-scaled.jpg\" \/>\n\t<meta property=\"og:image:width\" content=\"2157\" \/>\n\t<meta property=\"og:image:height\" content=\"2560\" \/>\n\t<meta property=\"og:image:type\" content=\"image\/jpeg\" \/>\n<meta name=\"twitter:card\" content=\"summary_large_image\" \/>\n<meta name=\"twitter:label1\" content=\"Ber\u00e4knad l\u00e4stid\" \/>\n\t<meta name=\"twitter:data1\" content=\"2 minuter\" \/>\n<script type=\"application\/ld+json\" class=\"yoast-schema-graph\">{\"@context\":\"https:\\\/\\\/schema.org\",\"@graph\":[{\"@type\":\"WebPage\",\"@id\":\"https:\\\/\\\/wearesabor.com\\\/sv\\\/moiserien\\\/\",\"url\":\"https:\\\/\\\/wearesabor.com\\\/sv\\\/moiserien\\\/\",\"name\":\"Moi serien - Sabor\",\"isPartOf\":{\"@id\":\"https:\\\/\\\/wearesabor.com\\\/sv\\\/#website\"},\"primaryImageOfPage\":{\"@id\":\"https:\\\/\\\/wearesabor.com\\\/sv\\\/moiserien\\\/#primaryimage\"},\"image\":{\"@id\":\"https:\\\/\\\/wearesabor.com\\\/sv\\\/moiserien\\\/#primaryimage\"},\"thumbnailUrl\":\"https:\\\/\\\/d31pd0bjwrcd8b.cloudfront.net\\\/wp-content\\\/uploads\\\/2023\\\/03\\\/05143114\\\/JanRuneEide_Trond_Moi2022-1-scaled.jpg\",\"datePublished\":\"2023-03-14T11:27:16+00:00\",\"dateModified\":\"2023-03-14T11:40:37+00:00\",\"description\":\"Vi skal ivareta en utvikling som im\u00f8tekommer dagens behov uten \u00e5 \u00f8delegge mulighetene for at kommende generasjoner skal f\u00e5 dekket sine behov.\",\"breadcrumb\":{\"@id\":\"https:\\\/\\\/wearesabor.com\\\/sv\\\/moiserien\\\/#breadcrumb\"},\"inLanguage\":\"sv-SE\",\"potentialAction\":[{\"@type\":\"ReadAction\",\"target\":[\"https:\\\/\\\/wearesabor.com\\\/sv\\\/moiserien\\\/\"]}]},{\"@type\":\"ImageObject\",\"inLanguage\":\"sv-SE\",\"@id\":\"https:\\\/\\\/wearesabor.com\\\/sv\\\/moiserien\\\/#primaryimage\",\"url\":\"https:\\\/\\\/d31pd0bjwrcd8b.cloudfront.net\\\/wp-content\\\/uploads\\\/2023\\\/03\\\/05143114\\\/JanRuneEide_Trond_Moi2022-1-scaled.jpg\",\"contentUrl\":\"https:\\\/\\\/d31pd0bjwrcd8b.cloudfront.net\\\/wp-content\\\/uploads\\\/2023\\\/03\\\/05143114\\\/JanRuneEide_Trond_Moi2022-1-scaled.jpg\",\"width\":2157,\"height\":2560},{\"@type\":\"BreadcrumbList\",\"@id\":\"https:\\\/\\\/wearesabor.com\\\/sv\\\/moiserien\\\/#breadcrumb\",\"itemListElement\":[{\"@type\":\"ListItem\",\"position\":1,\"name\":\"Home\",\"item\":\"http:\\\/\\\/wearesabor.com\\\/\"},{\"@type\":\"ListItem\",\"position\":2,\"name\":\"Moi serien\"}]},{\"@type\":\"WebSite\",\"@id\":\"https:\\\/\\\/wearesabor.com\\\/sv\\\/#website\",\"url\":\"https:\\\/\\\/wearesabor.com\\\/sv\\\/\",\"name\":\"Sabor\",\"description\":\"\",\"publisher\":{\"@id\":\"https:\\\/\\\/wearesabor.com\\\/sv\\\/#organization\"},\"potentialAction\":[{\"@type\":\"SearchAction\",\"target\":{\"@type\":\"EntryPoint\",\"urlTemplate\":\"https:\\\/\\\/wearesabor.com\\\/sv\\\/?s={search_term_string}\"},\"query-input\":{\"@type\":\"PropertyValueSpecification\",\"valueRequired\":true,\"valueName\":\"search_term_string\"}}],\"inLanguage\":\"sv-SE\"},{\"@type\":\"Organization\",\"@id\":\"https:\\\/\\\/wearesabor.com\\\/sv\\\/#organization\",\"name\":\"Sabor\",\"url\":\"https:\\\/\\\/wearesabor.com\\\/sv\\\/\",\"logo\":{\"@type\":\"ImageObject\",\"inLanguage\":\"sv-SE\",\"@id\":\"https:\\\/\\\/wearesabor.com\\\/sv\\\/#\\\/schema\\\/logo\\\/image\\\/\",\"url\":\"https:\\\/\\\/sabor.wpengine.com\\\/wp-content\\\/uploads\\\/2022\\\/12\\\/Sabor-Logo-\u2013-dark.png\",\"contentUrl\":\"https:\\\/\\\/sabor.wpengine.com\\\/wp-content\\\/uploads\\\/2022\\\/12\\\/Sabor-Logo-\u2013-dark.png\",\"width\":200,\"height\":56,\"caption\":\"Sabor\"},\"image\":{\"@id\":\"https:\\\/\\\/wearesabor.com\\\/sv\\\/#\\\/schema\\\/logo\\\/image\\\/\"}}]}<\/script>\n<!-- \/ Yoast SEO plugin. -->","yoast_head_json":{"title":"Moi serien - Sabor","description":"Vi skal ivareta en utvikling som im\u00f8tekommer dagens behov uten \u00e5 \u00f8delegge mulighetene for at kommende generasjoner skal f\u00e5 dekket sine behov.","robots":{"index":"index","follow":"follow","max-snippet":"max-snippet:-1","max-image-preview":"max-image-preview:large","max-video-preview":"max-video-preview:-1"},"canonical":"https:\/\/wearesabor.com\/sv\/moiserien\/","og_locale":"sv_SE","og_type":"article","og_title":"Moi serien - Sabor","og_description":"Vi skal ivareta en utvikling som im\u00f8tekommer dagens behov uten \u00e5 \u00f8delegge mulighetene for at kommende generasjoner skal f\u00e5 dekket sine behov.","og_url":"https:\/\/wearesabor.com\/sv\/moiserien\/","og_site_name":"Sabor","article_modified_time":"2023-03-14T11:40:37+00:00","og_image":[{"width":2157,"height":2560,"url":"https:\/\/d31pd0bjwrcd8b.cloudfront.net\/wp-content\/uploads\/2023\/03\/05143114\/JanRuneEide_Trond_Moi2022-1-scaled.jpg","type":"image\/jpeg"}],"twitter_card":"summary_large_image","twitter_misc":{"Ber\u00e4knad l\u00e4stid":"2 minuter"},"schema":{"@context":"https:\/\/schema.org","@graph":[{"@type":"WebPage","@id":"https:\/\/wearesabor.com\/sv\/moiserien\/","url":"https:\/\/wearesabor.com\/sv\/moiserien\/","name":"Moi serien - Sabor","isPartOf":{"@id":"https:\/\/wearesabor.com\/sv\/#website"},"primaryImageOfPage":{"@id":"https:\/\/wearesabor.com\/sv\/moiserien\/#primaryimage"},"image":{"@id":"https:\/\/wearesabor.com\/sv\/moiserien\/#primaryimage"},"thumbnailUrl":"https:\/\/d31pd0bjwrcd8b.cloudfront.net\/wp-content\/uploads\/2023\/03\/05143114\/JanRuneEide_Trond_Moi2022-1-scaled.jpg","datePublished":"2023-03-14T11:27:16+00:00","dateModified":"2023-03-14T11:40:37+00:00","description":"Vi skal ivareta en utvikling som im\u00f8tekommer dagens behov uten \u00e5 \u00f8delegge mulighetene for at kommende generasjoner skal f\u00e5 dekket sine behov.","breadcrumb":{"@id":"https:\/\/wearesabor.com\/sv\/moiserien\/#breadcrumb"},"inLanguage":"sv-SE","potentialAction":[{"@type":"ReadAction","target":["https:\/\/wearesabor.com\/sv\/moiserien\/"]}]},{"@type":"ImageObject","inLanguage":"sv-SE","@id":"https:\/\/wearesabor.com\/sv\/moiserien\/#primaryimage","url":"https:\/\/d31pd0bjwrcd8b.cloudfront.net\/wp-content\/uploads\/2023\/03\/05143114\/JanRuneEide_Trond_Moi2022-1-scaled.jpg","contentUrl":"https:\/\/d31pd0bjwrcd8b.cloudfront.net\/wp-content\/uploads\/2023\/03\/05143114\/JanRuneEide_Trond_Moi2022-1-scaled.jpg","width":2157,"height":2560},{"@type":"BreadcrumbList","@id":"https:\/\/wearesabor.com\/sv\/moiserien\/#breadcrumb","itemListElement":[{"@type":"ListItem","position":1,"name":"Home","item":"http:\/\/wearesabor.com\/"},{"@type":"ListItem","position":2,"name":"Moi serien"}]},{"@type":"WebSite","@id":"https:\/\/wearesabor.com\/sv\/#website","url":"https:\/\/wearesabor.com\/sv\/","name":"Sabor","description":"","publisher":{"@id":"https:\/\/wearesabor.com\/sv\/#organization"},"potentialAction":[{"@type":"SearchAction","target":{"@type":"EntryPoint","urlTemplate":"https:\/\/wearesabor.com\/sv\/?s={search_term_string}"},"query-input":{"@type":"PropertyValueSpecification","valueRequired":true,"valueName":"search_term_string"}}],"inLanguage":"sv-SE"},{"@type":"Organization","@id":"https:\/\/wearesabor.com\/sv\/#organization","name":"Sabor","url":"https:\/\/wearesabor.com\/sv\/","logo":{"@type":"ImageObject","inLanguage":"sv-SE","@id":"https:\/\/wearesabor.com\/sv\/#\/schema\/logo\/image\/","url":"https:\/\/sabor.wpengine.com\/wp-content\/uploads\/2022\/12\/Sabor-Logo-\u2013-dark.png","contentUrl":"https:\/\/sabor.wpengine.com\/wp-content\/uploads\/2022\/12\/Sabor-Logo-\u2013-dark.png","width":200,"height":56,"caption":"Sabor"},"image":{"@id":"https:\/\/wearesabor.com\/sv\/#\/schema\/logo\/image\/"}}]}},"lang":"nb","translations":{"nb":1366},"_links":{"self":[{"href":"https:\/\/wearesabor.com\/sv\/wp-json\/wp\/v2\/pages\/1366","targetHints":{"allow":["GET"]}}],"collection":[{"href":"https:\/\/wearesabor.com\/sv\/wp-json\/wp\/v2\/pages"}],"about":[{"href":"https:\/\/wearesabor.com\/sv\/wp-json\/wp\/v2\/types\/page"}],"author":[{"embeddable":true,"href":"https:\/\/wearesabor.com\/sv\/wp-json\/wp\/v2\/users\/5"}],"replies":[{"embeddable":true,"href":"https:\/\/wearesabor.com\/sv\/wp-json\/wp\/v2\/comments?post=1366"}],"version-history":[{"count":0,"href":"https:\/\/wearesabor.com\/sv\/wp-json\/wp\/v2\/pages\/1366\/revisions"}],"wp:featuredmedia":[{"embeddable":true,"href":"https:\/\/wearesabor.com\/sv\/wp-json\/wp\/v2\/media\/1369"}],"wp:attachment":[{"href":"https:\/\/wearesabor.com\/sv\/wp-json\/wp\/v2\/media?parent=1366"}],"curies":[{"name":"wp","href":"https:\/\/api.w.org\/{rel}","templated":true}]}}